{"version":"1.0","provider_name":"BALANCE FITNESS","provider_url":"https:\/\/balancestudio.cafeblog.hu","author_name":"soulbuilder.woman","author_url":"https:\/\/balancestudio.cafeblog.hu\/author\/soulbuilder_woman\/","title":"Vess sz\u00e1mot az \u00e9letr\u0151l","html":"<p>Nem is olyan r\u00e9gen indultam neki az \u00faj h\u00e9tnek. Ma reggel felkelek, s l\u00e1m, m\u00e1r szerd\u00e1ra kell hajtanom a napt\u00e1rban a lapot. Holnap m\u00e1r cs\u00fct\u00f6rt\u00f6k! Robog fel\u00e9m egy \u00fajabb h\u00e9tv\u00e9ge!<br \/>De vajon, ha egy pillanatra sz\u00e1mot vetek a h\u00e9t elt\u00f6lt\u00f6tt napjair\u00f3l, \u00fagy teltek el, ahogyan szerettem volna? Mostan\u00e1ban egyre t\u00f6bbsz\u00f6r jut eszembe a figyelmeztet\u00e9s: \u00dagy \u00e9lj, hogy ez \u00e9leted utols\u00f3 napja. A nap minden perc\u00e9t \u00fagy \u00e9lj\u00fck? Vagy m\u00e1sokat hib\u00e1ztatunk, ha valami nem siker\u00fclt, nem f\u00e9rt bele a napunkba? Ki ez\u00e9rt a felel\u0151s?<\/p>\n<p><img alt=\"\" src=\"https:\/\/balancestudio.cafeblog.hu\/files\/2012\/06\/eat_prey_love_5.jpg\" \/><\/p>\n<p><br \/>Liz Gilbert is ezen gondolkodott. Nem \u00e1rt, ha mi is tudatos\u00edtjuk:<\/p>\n<p>\"Rajtam \u00e1ll, mivel t\u00f6lt\u00f6m az id\u0151met, kivel l\u00e9pek kapcsolatba, kivel osztom meg a testem, az \u00e9letem, a p\u00e9nzem, az energi\u00e1m. Kiv\u00e1laszthatom, mit eszem, olvasok, tanulok. Eld\u00f6nthetem, hogyan reag\u00e1lok a kedvez\u0151tlen \u00e9letk\u00f6r\u00fclm\u00e9nyeimre - rajtam \u00e1ll, hogy \u00e1toknak vagy lehet\u0151s\u00e9gnek tekintem-e \u0151ket (\u00e9s azon alkalmakkor, amikor t\u00fals\u00e1gosan tele vagyok \u00f6nsajn\u00e1lattal, \u00e9s nem tudom lelkesen n\u00e9zni a dolgokat, m\u00e9g mindig megpr\u00f3b\u00e1lhatom megv\u00e1ltoztatni a szeml\u00e9letm\u00f3domat). Megv\u00e1logathatom a szavaimat \u00e9s azt, hogy milyen hangnemben besz\u00e9lek m\u00e1sokkal. \u00c9s legf\u0151k\u00e9ppen megv\u00e1logathatom a gondolataimat.\"<\/p>\n<p><img alt=\"\" src=\"https:\/\/balancestudio.cafeblog.hu\/files\/2012\/06\/Izek-Im\u00e1k-Szerelmek.jpg\" \/><\/p>\n<p>Forr\u00e1s: <a href=\"http:\/\/www.citatum.hu\/konyv\/Eat,_Pray,_Love_-_%CDzek,_im%E1k,_szerelmek\">Eat,_Pray,_Love_id\u00e9zet<\/a><\/p>","type":"rich"}